{"id":437,"date":"2019-06-11T18:58:07","date_gmt":"2019-06-11T18:58:07","guid":{"rendered":"http:\/\/dev.local.com\/?post_type=wpx-programs&#038;p=437"},"modified":"2021-10-12T13:19:16","modified_gmt":"2021-10-12T13:19:16","slug":"youth-in-motion","status":"publish","type":"wpx-programs","link":"https:\/\/fkoafterschool.org\/pt_pt\/programs\/youth-in-motion\/","title":{"rendered":"Juventude em Movimento"},"content":{"rendered":"<div class=\"de-inner hero-wrap wavey-bottom stacked\">\n\t<div class=\"hero   coverit\" style=\"background-image: url('https:\/\/i0.wp.com\/fkoafterschool.org\/wp-content\/uploads\/2019\/06\/image12-1.jpg?resize=1200%2C800&#038;ssl=1');\">\n\n\t\t\t\t\t\t\t\t\t<div class=\"image-wrap wavey-bottom  coverit\" style=\"background-image: url('https:\/\/i0.wp.com\/fkoafterschool.org\/wp-content\/uploads\/2019\/06\/image12-1.jpg?resize=1200%2C800&#038;ssl=1');\">\n\t\t\t\t\t<img decoding=\"async\" loading=\"lazy\" src=\"https:\/\/i0.wp.com\/fkoafterschool.org\/wp-content\/uploads\/2019\/06\/image12-1.jpg?resize=1200%2C800&#038;ssl=1\" alt=\"youth in motion\" \/>\n\t\t\t\t<\/div>\t\n\t\t\t\t\n\t\t\t\t\n\t\t<div class=\"inner-wrap\">\n\t\t\t\t\t\t<div class=\"grid aligncenter\">\n\t\t\t\t<div class=\"grid__cell unit-8-12 tablet__100 aligncenter\">\n\t\t\t\t\t<h2 class=\"screenreader\">Juventude em Movimento<\/h2>\t\n\t\t\t\t<\/div>\n\t\t\t\t\n\t\t\t\t<div class=\"grid__cell unit-6-12 tablet__100 desktop__75 aligncenter\">\t\n\n\t\t\t\t    \t\t\t\t\t\t\t\n\t\t\t\t\t\t\t<p class=\"subhead\">Youth in Motion is an 8,000 square foot space where kids ages 5 to 14 enjoy active play and personalized learning with the goal of creating healthy lifestyle choices \u2014 all while having tons of fun! The program is open Monday through Friday from school dismissal until 6:00 pm, with full-day services available from 7:00 am to 5:30 pm during school vacation weeks, school professional development days and the summer months.<\/p>\n\n\t\t\t        \t\n\t\t\t\t<\/div>\n\n\t\t\t\t\t\t\t<\/div>\t\t\n\t\t<\/div>\n\n\t<\/div>\n<\/div>\n\n\n\n<div class=\"whyy feature-wrap\">\n\n\n    \t\n\t\t\t\t\n\t\t\t\t\t\t\t\t\t\t\t\n\t\t\t\n\t\t\t\t\t\t\t\t\t\t\t\t\t\t\t\t\n\t\t\t\t\t\t\t\t\t\t\t\t\t\t\t\t\n\t\t\t\t\t\t\t\t\t\t\t\t\t\n\t\t\t\t\t\t\t\t\n\t\t\t\n\t\t\t\t\t\t\t\t\t\t\t\t\t\t\t\t\t\t\t\t\t\t\t\t\t\t\t\t\t\t\t\t\t\t\t\n\t\n\t<div class=\"feature verticenter-ib\" data-layout=\"image-left\">\n\t\t\t\t\n\t\t<div class=\"grid\">\n\n\t\t\t\t\t\t\t\t\t\n\t\t\t\t<div class=\"grid__cell tablet__100 unit-5-12\">\n\t\t\t\t\t<figure class=\"fancy-border\">\n\t\t\t\t\t\t<img decoding=\"async\" loading=\"lazy\" src=\"https:\/\/i0.wp.com\/fkoafterschool.org\/wp-content\/uploads\/2019\/06\/image32-2.jpg?resize=765%2C764&#038;ssl=1\" alt=\"wellness mindfulness\">\n\t\t\t\t\t<\/figure>\n\t\t\t\t<\/div>\t\n\n\t\t\t\t\t\t\t\t\t\n\t\t\t<div class=\"grid__cell tablet__100 unit-6-12\">\n\n\t\t\t\t<div class=\"main-content\">\n\t\t\t\t\t\n\t\t\t\t\t\t\t\n\t\t\t\t\t\n\t\t\t\t\t<span class=\"pretitle\">Wellness &#038; Mindfulness<\/span>\t\t\t\t\t\t\t\t\t\t\t\t\t\t\t\t\t\n\t\t\t\t\t\t<h3>Learning skills and habits for a healthy lifestyle<\/h3>\n\n\t\t\t\t\t\t\n\t\t\t\t\t\t\t\t\t\t\n\t\t\t\t\t\t\t\n\t\t\t\t\t\n\t\t\t\t\t<p>With reductions in opportunities for physical activity during the school day, Youth in Motion gets children moving during the out-of-school time hours to better improve their mental, physical and overall wellbeing. Kids play basketball and group games in the Gymnasium, while the Dance and Yoga Studio offers movement and mindfulness opportunities. The Reflection Room provides space for high-needs learners to relax, self-regulate and decompress.<\/p>\n\n\t\t\t\t\t\t\t\t\t\t\t\n\t\t\t\t\t\t\n\t\t\t\t\t\t\t\t\t\t\t\n\t\t\t\t\t\t\n\t\t\t\t\t\n\t\t\t\t\t\t\t\n\t\t\t\t<\/div>\t\n\n\t\t\t<\/div>\t\n\n\t\t\t\n\t\t<\/div>\n\n\t<\/div>\n\n\t    \n    \n    \t\n\t\t\t\t\n\t\t\t\t\t\t\t\t\t\t\t\n\t\t\t\n\t\t\t\t\t\t\t\t\t\t\t\t\t\t\t\t\n\t\t\t\t\t\t\t\t\t\t\t\t\t\t\t\t\n\t\t\t\t\t\t\t\t\t\t\t\t\t\n\t\t\t\t\t\t\t\t\n\t\t\t\n\t\t\t\t\t\t\t\t\t\t\t\t\t\t\t\t\t\t\t\t\t\t\t\t\t\t\t\t\t\t\t\t\t\t\t\n\t\n\t<div class=\"feature verticenter-ib\" data-layout=\"image-right\">\n\t\t\t\t\n\t\t<div class=\"grid\">\n\n\t\t\t\t\t\t\t\t\t\n\t\t\t\t<div class=\"grid__cell tablet__100 unit-5-12 push-7\">\n\t\t\t\t\t<figure class=\"fancy-border\">\n\t\t\t\t\t\t<img decoding=\"async\" loading=\"lazy\" src=\"https:\/\/i0.wp.com\/fkoafterschool.org\/wp-content\/uploads\/2019\/06\/IMG_8801.jpg?resize=800%2C800&#038;ssl=1\" alt=\"healthy food choices\">\n\t\t\t\t\t<\/figure>\n\t\t\t\t<\/div>\t\n\n\t\t\t\t\t\t\t\t\t\n\t\t\t<div class=\"grid__cell tablet__100 unit-6-12 pull-5\">\n\n\t\t\t\t<div class=\"main-content\">\n\t\t\t\t\t\n\t\t\t\t\t\t\t\n\t\t\t\t\t\n\t\t\t\t\t<span class=\"pretitle\">Healthy Food for Mind and Body<\/span>\t\t\t\t\t\t\t\t\t\t\t\t\t\t\t\t\t\n\t\t\t\t\t\t<h3>Developing habits early for a lifetime of health and wellness<\/h3>\n\n\t\t\t\t\t\t\n\t\t\t\t\t\t\t\t\t\t\n\t\t\t\t\t\t\t\n\t\t\t\t\t\n\t\t\t\t\t<p>After working up an appetite dancing, playing or creating, children enjoy a healthy after school snack in the nutrition caf\u00e9. The fully stocked kitchen gives kids a safe place for hands-on cooking projects. Kids learn to make healthy food choices every day \u2013 and learn that healthy can also be delicious!<\/p>\n\n\t\t\t\t\t\t\t\t\t\t\t\n\t\t\t\t\t\t\n\t\t\t\t\t\t\t\t\t\t\t\n\t\t\t\t\t\t\n\t\t\t\t\t\n\t\t\t\t\t\t\t\n\t\t\t\t<\/div>\t\n\n\t\t\t<\/div>\t\n\n\t\t\t\n\t\t<\/div>\n\n\t<\/div>\n\n\t    \n    \n    \t\n\t\t\t\t\n\t\t\t\t\t\t\t\t\t\t\t\n\t\t\t\n\t\t\t\t\t\t\t\t\t\t\t\t\t\t\t\t\n\t\t\t\t\t\t\t\t\t\t\t\t\t\t\t\t\n\t\t\t\t\t\t\t\t\t\t\t\t\t\n\t\t\t\t\t\t\t\t\n\t\t\t\n\t\t\t\t\t\t\t\t\t\t\t\t\t\t\t\t\t\t\t\t\t\t\t\t\t\t\t\t\t\t\t\t\t\t\t\n\t\n\t<div class=\"feature verticenter-ib\" data-layout=\"image-left\">\n\t\t\t\t\n\t\t<div class=\"grid\">\n\n\t\t\t\t\t\t\t\t\t\n\t\t\t\t<div class=\"grid__cell tablet__100 unit-5-12\">\n\t\t\t\t\t<figure class=\"fancy-border\">\n\t\t\t\t\t\t<img decoding=\"async\" loading=\"lazy\" src=\"https:\/\/i0.wp.com\/fkoafterschool.org\/wp-content\/uploads\/2019\/06\/image34-2.jpg?resize=743%2C742&#038;ssl=1\" alt=\"enrichment classes\">\n\t\t\t\t\t<\/figure>\n\t\t\t\t<\/div>\t\n\n\t\t\t\t\t\t\t\t\t\n\t\t\t<div class=\"grid__cell tablet__100 unit-6-12\">\n\n\t\t\t\t<div class=\"main-content\">\n\t\t\t\t\t\n\t\t\t\t\t\t\t\n\t\t\t\t\t\n\t\t\t\t\t<span class=\"pretitle\">Aulas de Enriquecimento<\/span>\t\t\t\t\t\t\t\t\t\t\t\t\t\t\t\t\t\n\t\t\t\t\t\t<h3>Learning through exploration and creativity<\/h3>\n\n\t\t\t\t\t\t\n\t\t\t\t\t\t\t\t\t\t\n\t\t\t\t\t\t\t\n\t\t\t\t\t\n\t\t\t\t\t<p>Kids explore and expand their interests during self-selected 10-week enrichment classes, such as sports, dance and theater. Our STEAM lab provides kids with hands-on learning time for Science, Technology, Engineering, Art and Math concepts, with creative building projects and unique science experiments making every day an opportunity to learn something new.<\/p>\n\n\t\t\t\t\t\t\t\t\t\t\t\n\t\t\t\t\t\t\n\t\t\t\t\t\t\t\t\t\t\t\n\t\t\t\t\t\t\n\t\t\t\t\t\n\t\t\t\t\t\t\t\n\t\t\t\t<\/div>\t\n\n\t\t\t<\/div>\t\n\n\t\t\t\n\t\t<\/div>\n\n\t<\/div>\n\n\t    \n    \n    \t\n\t\t\t\t\n\t\t\t\t\t\t\t\t\t\t\t\n\t\t\t\n\t\t\t\t\t\t\t\t\t\t\t\t\t\t\t\t\n\t\t\t\t\t\t\t\t\t\t\t\t\t\t\t\t\n\t\t\t\t\t\t\t\t\t\t\t\t\t\n\t\t\t\t\t\t\t\t\n\t\t\t\n\t\t\t\t\t\t\t\t\t\t\t\t\t\t\t\t\t\t\t\t\t\t\t\t\t\t\t\t\t\t\t\t\t\t\t\n\t\n\t<div class=\"feature verticenter-ib\" data-layout=\"image-right\">\n\t\t\t\t\n\t\t<div class=\"grid\">\n\n\t\t\t\t\t\t\t\t\t\n\t\t\t\t<div class=\"grid__cell tablet__100 unit-5-12 push-7\">\n\t\t\t\t\t<figure class=\"fancy-border\">\n\t\t\t\t\t\t<img decoding=\"async\" loading=\"lazy\" src=\"https:\/\/i0.wp.com\/fkoafterschool.org\/wp-content\/uploads\/2019\/06\/image35-2.jpg?resize=763%2C764&#038;ssl=1\" alt=\"homework completion\">\n\t\t\t\t\t<\/figure>\n\t\t\t\t<\/div>\t\n\n\t\t\t\t\t\t\t\t\t\n\t\t\t<div class=\"grid__cell tablet__100 unit-6-12 pull-5\">\n\n\t\t\t\t<div class=\"main-content\">\n\t\t\t\t\t\n\t\t\t\t\t\t\t\n\t\t\t\t\t\n\t\t\t\t\t<span class=\"pretitle\">Opportunities for Homework Completion<\/span>\t\t\t\t\t\t\t\t\t\t\t\t\t\t\t\t\t\n\t\t\t\t\t\t<h3>Providing a quiet space for homework<\/h3>\n\n\t\t\t\t\t\t\n\t\t\t\t\t\t\t\t\t\t\n\t\t\t\t\t\t\t\n\t\t\t\t\t\n\t\t\t\t\t<p>Kids who want to get ahead on their schoolwork or read the next chapter in their favorite book can head to the Library &#038; Computer Lab for a quiet space with tables, desks and computers. While homework time is optional, Youth In Motion staff encourages kids and provides support with homework questions.<\/p>\n\n\t\t\t\t\t\t\t\t\t\t\t\n\t\t\t\t\t\t\n\t\t\t\t\t\t\t\t\t\t\t\n\t\t\t\t\t\t\n\t\t\t\t\t\n\t\t\t\t\t\t\t\n\t\t\t\t<\/div>\t\n\n\t\t\t<\/div>\t\n\n\t\t\t\n\t\t<\/div>\n\n\t<\/div>\n\n\t    \n    \n    \t\n\t\t\t\t\n\t\t\t\t\t\t\t\t\t\t\t\n\t\t\t\n\t\t\t\t\t\t\t\t\t\t\t\t\t\t\t\t\n\t\t\t\t\t\t\t\t\t\t\t\t\t\t\t\t\n\t\t\t\t\t\t\t\t\t\t\t\t\t\n\t\t\t\t\t\t\t\t\n\t\t\t\n\t\t\t\t\t\t\t\t\t\t\t\t\t\t\t\t\t\t\t\t\t\t\t\t\t\t\t\t\t\t\t\t\t\t\t\n\t\n\t<div class=\"feature verticenter-ib\" data-layout=\"image-left\">\n\t\t\t\t\n\t\t<div class=\"grid\">\n\n\t\t\t\t\t\t\t\t\t\n\t\t\t\t<div class=\"grid__cell tablet__100 unit-5-12\">\n\t\t\t\t\t<figure class=\"fancy-border\">\n\t\t\t\t\t\t<img decoding=\"async\" loading=\"lazy\" src=\"https:\/\/i0.wp.com\/fkoafterschool.org\/wp-content\/uploads\/2019\/06\/image36-2.jpg?resize=713%2C712&#038;ssl=1\" alt=\"trained and nurturing staff\">\n\t\t\t\t\t<\/figure>\n\t\t\t\t<\/div>\t\n\n\t\t\t\t\t\t\t\t\t\n\t\t\t<div class=\"grid__cell tablet__100 unit-6-12\">\n\n\t\t\t\t<div class=\"main-content\">\n\t\t\t\t\t\n\t\t\t\t\t\t\t\n\t\t\t\t\t\n\t\t\t\t\t<span class=\"pretitle\">Trained and Nurturing Staff<\/span>\t\t\t\t\t\t\t\t\t\t\t\t\t\t\t\t\t\n\t\t\t\t\t\t<h3>Building lasting relationships in an inclusive environment<\/h3>\n\n\t\t\t\t\t\t\n\t\t\t\t\t\t\t\t\t\t\n\t\t\t\t\t\t\t\n\t\t\t\t\t\n\t\t\t\t\t<p>Each day kids engage with a core Youth in Motion staff team \u2013 a dedicated site director, mature, fun-loving staff, licensed social workers and inclusion specialists who work with the program to support children and staff. The staff represents the diverse backgrounds of students and ensures program curriculum, supplies and materials represent varying cultures and interests. Our family greeter ensures student and staff safety and are a family point of contact for any questions.<\/p>\n\n\t\t\t\t\t\t\t\t\t\t\t\n\t\t\t\t\t\t\n\t\t\t\t\t\t\t\t\t\t\t\n\t\t\t\t\t\t\n\t\t\t\t\t\n\t\t\t\t\t\t\t\n\t\t\t\t<\/div>\t\n\n\t\t\t<\/div>\t\n\n\t\t\t\n\t\t<\/div>\n\n\t<\/div>\n\n\t    \n    \n<\/div>\n\n\n\t\n\t\n\n\n\t\t\n\n\t\t\t\t\t\n\n\t\n\t\n\t\n\t\n\t\n\n\n<div class=\"custom-archive\">\n\n\n\t\t\t\t\n\t\t<div class=\"item-series-wrap\" data-layout=\"overlayed\">\n\t\t\t<div class=\"item-series\">\n\n\t\t\t\t<div class=\"three-columns tabs\" data-archive-layout=\"overlayed\">\n\t\t    \t\n    \t\t\t\t\n\t\n\n\n\t\t\n\t\n\t<div class=\"aligncenter\">\n\t\t<h2>Programas Principais<\/h2>\n\t\t\t\t\t<p class=\"grey caps after-title\">Dispon\u00edvel em todas as nossas comunidades<\/p>\n\t\t\t<\/div>\t\n\n\t<div class=\"flex-grid grid\">\n\n\t\t\n\n\t\t\t\t\n\t\t\n\n\n\t\t\n\n\n\n\t\t\t\t\t\n\n\n\t\n\n\t\t\t\n\n\t\t\t<div class=\"cell grid__cell\" data-id=\"381\" data-action=\"isogrid-sort\" data-category=\"core-programs\">\n\n\t<article class=\"item\" data-mh=\"item\">\n\n\t\t\n\t\t\t\t\n\t\t\t    \t\t\t\t<a href=\"https:\/\/fkoafterschool.org\/pt_pt\/programs\/afterschool-program\/\" target=\"\">\n\t\t\t\t\t\t        <figure class=\"\">\n\t\t\t\t\t\t\t     \t   <img decoding=\"async\" loading=\"lazy\" src=\"https:\/\/i0.wp.com\/fkoafterschool.org\/wp-content\/uploads\/2019\/06\/BV2A5181.jpg?resize=800%2C800&#038;ssl=1\" alt=\"afterschool program\" \/>\n\t\t    \t<\/figure>\n\t\t\t    \t\t\t\t<\/a>\n\t\t\t\t\t\t    \t\n\t\t\t\n\t\t\n\t\t\t<div class=\"main-content\" data-mh='mainer'>\n\n\t\t        \t\t\t\t\n\t\t\t\t\t\t\n\t\t\t\t\n\t\t\t\t\t\t\t\t\t\t\t\t\t        \t\t\t        \t\t\t\t\t\t\t<a href=\"https:\/\/fkoafterschool.org\/pt_pt\/programs\/afterschool-program\/\" target=\"\">\n\t\t\t\t\t\t\t\t\t        \t<h3 >Atividades extracurriculares<\/h3>\n\n\t\t\t\t\t\t\n\t\t\t\t\t\t\t\t\t\t\t\t<\/a>\n\t\t\t\t\t\t\t\t\t        \t\t\t\t\t\t\t\t\t\t\t\t\t\t\t<p>Os nossos programas de atividades extracurriculares oferecem um ambiente seguro, estimulante e divertido, de segunda a sexta-feira, desde o fim das aulas at\u00e9 \u00e0s 17h30.<\/p>\n\n\t\t\t\t\t\t\n\t\t\t\t\t\t\t\t\t\t\t\t\t\t\t\t\t\t\t\t\t\t\t\t\t\t\t\t\t\t\t\t\t\t\t\t\t\t\t\t\t\t<a class=\"caps\" href=\"https:\/\/fkoafterschool.org\/pt_pt\/programs\/afterschool-program\/\" target=\"\">Ler mais<\/a>\n\t\t\t\t\n\t\t\t\t\n\t\t\t<\/div>\n\t\t\t\n\t\t\n\t\t\t\n\t\t\n\t\t\n\t\t\n\t<\/article>\n<\/div>\t\t\t\n\n\t\t\n\t    \t\t\n\t\t\n\n\n\t\t\n\n\n\n\t\t\t\t\t\n\n\n\t\n\n\t\t\t\n\n\t\t\t<div class=\"cell grid__cell\" data-id=\"379\" data-action=\"isogrid-sort\" data-category=\"core-programs\">\n\n\t<article class=\"item\" data-mh=\"item\">\n\n\t\t\n\t\t\t\t\n\t\t\t    \t\t\t\t<a href=\"https:\/\/fkoafterschool.org\/pt_pt\/programs\/summer-program\/\" target=\"\">\n\t\t\t\t\t\t        <figure class=\"\">\n\t\t\t\t\t\t\t     \t   <img decoding=\"async\" loading=\"lazy\" src=\"https:\/\/i0.wp.com\/fkoafterschool.org\/wp-content\/uploads\/2019\/09\/learning-4.jpg?resize=800%2C800&#038;ssl=1\" alt=\"\" \/>\n\t\t    \t<\/figure>\n\t\t\t    \t\t\t\t<\/a>\n\t\t\t\t\t\t    \t\n\t\t\t\n\t\t\n\t\t\t<div class=\"main-content\" data-mh='mainer'>\n\n\t\t        \t\t\t\t\n\t\t\t\t\t\t\n\t\t\t\t\n\t\t\t\t\t\t\t\t\t\t\t\t\t        \t\t\t        \t\t\t\t\t\t\t<a href=\"https:\/\/fkoafterschool.org\/pt_pt\/programs\/summer-program\/\" target=\"\">\n\t\t\t\t\t\t\t\t\t        \t<h3 >Ver\u00e3o<\/h3>\n\n\t\t\t\t\t\t\n\t\t\t\t\t\t\t\t\t\t\t\t<\/a>\n\t\t\t\t\t\t\t\t\t        \t\t\t\t\t\t\t\t\t\t\t\t\t\t\t<p>Ofere\u00e7a ao seu filho as f\u00e9rias de ver\u00e3o dos seus sonhos. Os programas de ver\u00e3o decorrem de segunda a sexta-feira, das 7h00 \u00e0s 17h30.<\/p>\n\n\t\t\t\t\t\t\n\t\t\t\t\t\t\t\t\t\t\t\t\t\t\t\t\t\t\t\t\t\t\t\t\t\t\t\t\t\t\t\t\t\t\t\t\t\t\t\t\t\t<a class=\"caps\" href=\"https:\/\/fkoafterschool.org\/pt_pt\/programs\/summer-program\/\" target=\"\">Ler mais<\/a>\n\t\t\t\t\n\t\t\t\t\n\t\t\t<\/div>\n\t\t\t\n\t\t\n\t\t\t\n\t\t\n\t\t\n\t\t\n\t<\/article>\n<\/div>\t\t\t\n\n\t\t\n\t    \t\t\n\t\t\n\n\n\t\t\n\n\n\n\t\t\t\t\t\n\n\n\t\n\n\t\t\t\n\n\t\t\t<div class=\"cell grid__cell\" data-id=\"377\" data-action=\"isogrid-sort\" data-category=\"core-programs\">\n\n\t<article class=\"item\" data-mh=\"item\">\n\n\t\t\n\t\t\t\t\n\t\t\t    \t\t\t\t<a href=\"https:\/\/fkoafterschool.org\/pt_pt\/programs\/vacation-program\/\" target=\"\">\n\t\t\t\t\t\t        <figure class=\"\">\n\t\t\t\t\t\t\t     \t   <img decoding=\"async\" loading=\"lazy\" src=\"https:\/\/i0.wp.com\/fkoafterschool.org\/wp-content\/uploads\/2019\/06\/VACATIONWEEK.jpeg?resize=800%2C800&#038;ssl=1\" alt=\"school vacation\" \/>\n\t\t    \t<\/figure>\n\t\t\t    \t\t\t\t<\/a>\n\t\t\t\t\t\t    \t\n\t\t\t\n\t\t\n\t\t\t<div class=\"main-content\" data-mh='mainer'>\n\n\t\t        \t\t\t\t\n\t\t\t\t\t\t\n\t\t\t\t\n\t\t\t\t\t\t\t\t\t\t\t\t\t        \t\t\t        \t\t\t\t\t\t\t<a href=\"https:\/\/fkoafterschool.org\/pt_pt\/programs\/vacation-program\/\" target=\"\">\n\t\t\t\t\t\t\t\t\t        \t<h3 >F\u00e9rias Escolares<\/h3>\n\n\t\t\t\t\t\t\n\t\t\t\t\t\t\t\t\t\t\t\t<\/a>\n\t\t\t\t\t\t\t\t\t        \t\t\t\t\t\t\t\t\t\t\t\t\t\t\t<p>Com programa\u00e7\u00e3o das 7h \u00e0s 17h30, as crian\u00e7as recarregam energias nos seus dias de folga da escola, aprendendo e crescendo ao mesmo tempo.<\/p>\n\n\t\t\t\t\t\t\n\t\t\t\t\t\t\t\t\t\t\t\t\t\t\t\t\t\t\t\t\t\t\t\t\t\t\t\t\t\t\t\t\t\t\t\t\t\t\t\t\t\t<a class=\"caps\" href=\"https:\/\/fkoafterschool.org\/pt_pt\/programs\/vacation-program\/\" target=\"\">Ler mais<\/a>\n\t\t\t\t\n\t\t\t\t\n\t\t\t<\/div>\n\t\t\t\n\t\t\n\t\t\t\n\t\t\n\t\t\n\t\t\n\t<\/article>\n<\/div>\t\t\t\n\n\t\t\n\t    \n\n\t\n\t<\/div>\t  \n\n\t\n\t\n\n\t\t\n\t\n\t<div class=\"aligncenter\">\n\t\t<h2>Especialidades da Comunidade<\/h2>\n\t\t\t\t\t<p class=\"grey caps after-title\">Dispon\u00edvel em algumas das nossas comunidades<\/p>\n\t\t\t<\/div>\t\n\n\t<div class=\"flex-grid grid\">\n\n\t\t\n\n\t\t\t\t\n\t\t\n\n\n\t\t\n\n\n\n\t\t\t\t\t\n\n\n\t\n\n\t\t\t\n\n\t\t\t<div class=\"cell grid__cell\" data-id=\"440\" data-action=\"isogrid-sort\" data-category=\"community-specialties\">\n\n\t<article class=\"item\" data-mh=\"item\">\n\n\t\t\n\t\t\t\t\n\t\t\t    \t\t\t\t<a href=\"https:\/\/fkoafterschool.org\/pt_pt\/programs\/before-the-bell\/\" target=\"\">\n\t\t\t\t\t\t        <figure class=\"\">\n\t\t\t\t\t\t\t     \t   <img decoding=\"async\" loading=\"lazy\" src=\"https:\/\/i0.wp.com\/fkoafterschool.org\/wp-content\/uploads\/2019\/06\/BV2A1427-1.jpg?resize=800%2C800&#038;ssl=1\" alt=\"before the bell program\" \/>\n\t\t    \t<\/figure>\n\t\t\t    \t\t\t\t<\/a>\n\t\t\t\t\t\t    \t\n\t\t\t\n\t\t\n\t\t\t<div class=\"main-content\" data-mh='mainer'>\n\n\t\t        \t\t\t\t\n\t\t\t\t\t\t\n\t\t\t\t\n\t\t\t\t\t\t\t\t\t\t\t\t\t        \t\t\t        \t\t\t\t\t\t\t<a href=\"https:\/\/fkoafterschool.org\/pt_pt\/programs\/before-the-bell\/\" target=\"\">\n\t\t\t\t\t\t\t\t\t        \t<h3 >Antes do Sino<\/h3>\n\n\t\t\t\t\t\t\n\t\t\t\t\t\t\t\t\t\t\t\t<\/a>\n\t\t\t\t\t\t\t\t\t        \t\t\t\t\t\t\t\t\t\t\t\t\t\t\t<p>Tenha a tranquilidade de saber que o seu filho est\u00e1 a ser cuidado antes da escola. Dispon\u00edvel apenas em Peabody das 7h15 \u00e0s 9h, de segunda a sexta-feira.<\/p>\n\n\t\t\t\t\t\t\n\t\t\t\t\t\t\t\t\t\t\t\t\t\t\t\t\t\t\t\t\t\t\t\t\t\t\t\t\t\t\t\t\t\t\t\t\t\t\t\t\t\t<a class=\"caps\" href=\"https:\/\/fkoafterschool.org\/pt_pt\/programs\/before-the-bell\/\" target=\"\">Ler mais<\/a>\n\t\t\t\t\n\t\t\t\t\n\t\t\t<\/div>\n\t\t\t\n\t\t\n\t\t\t\n\t\t\n\t\t\n\t\t\n\t<\/article>\n<\/div>\t\t\t\n\n\t\t\n\t    \t\t\n\t\t\n\n\n\t\t\n\n\n\n\t\t\t\t\t\n\n\n\t\n\n\t\t\t\n\n\t\t\t<div class=\"cell grid__cell\" data-id=\"437\" data-action=\"isogrid-sort\" data-category=\"community-specialties\">\n\n\t<article class=\"item\" data-mh=\"item\">\n\n\t\t\n\t\t\t\t\n\t\t\t    \t\t\t\t<a href=\"https:\/\/fkoafterschool.org\/pt_pt\/programs\/youth-in-motion\/\" target=\"\">\n\t\t\t\t\t\t        <figure class=\"\">\n\t\t\t\t\t\t\t     \t   <img decoding=\"async\" loading=\"lazy\" src=\"https:\/\/i0.wp.com\/fkoafterschool.org\/wp-content\/uploads\/2019\/06\/image12-2.jpg?resize=784%2C784&#038;ssl=1\" alt=\"Youth in Motion Revere MA\" \/>\n\t\t    \t<\/figure>\n\t\t\t    \t\t\t\t<\/a>\n\t\t\t\t\t\t    \t\n\t\t\t\n\t\t\n\t\t\t<div class=\"main-content\" data-mh='mainer'>\n\n\t\t        \t\t\t\t\n\t\t\t\t\t\t\n\t\t\t\t\n\t\t\t\t\t\t\t\t\t\t\t\t\t        \t\t\t        \t\t\t\t\t\t\t<a href=\"https:\/\/fkoafterschool.org\/pt_pt\/programs\/youth-in-motion\/\" target=\"\">\n\t\t\t\t\t\t\t\t\t        \t<h3 >Juventude em Movimento<\/h3>\n\n\t\t\t\t\t\t\n\t\t\t\t\t\t\t\t\t\t\t\t<\/a>\n\t\t\t\t\t\t\t\t\t        \t\t\t\t\t\t\t\t\t\t\t\t\t\t\t<p>Youth in Motion \u00e9 um espa\u00e7o de 743 metros quadrados em Revere onde crian\u00e7as desfrutam de brincadeiras ativas e aprendizagem personalizada com o objetivo de criar escolhas de estilo de vida saud\u00e1veis.<\/p>\n\n\t\t\t\t\t\t\n\t\t\t\t\t\t\t\t\t\t\t\t\t\t\t\t\t\t\t\t\t\t\t\t\t\t\t\t\t\t\t\t\t\t\t\t\t\t\t\t\t\t<a class=\"caps\" href=\"https:\/\/fkoafterschool.org\/pt_pt\/programs\/youth-in-motion\/\" target=\"\">Ler mais<\/a>\n\t\t\t\t\n\t\t\t\t\n\t\t\t<\/div>\n\t\t\t\n\t\t\n\t\t\t\n\t\t\n\t\t\n\t\t\n\t<\/article>\n<\/div>\t\t\t\n\n\t\t\n\t    \n\n\t\n\t<\/div>\t  \n\n\t\n\t\n\n    \t\t\t<\/div>\n    \t\t\t\n    \t\t<\/div>\n    \t<\/div>\t\t\t\n\n\t\t\t\n<\/div>\n\n\n\n\n\n<div class=\"whyy feature-wrap  bright-border de-inner white-bg\">\n\n\n    \t\n\t\t\t\t\n\t\t\t\t\t\t\t\t\t\t\t\n\t\t\t\n\t\t\t\t\t\t\t\t\t\t\t\t\t\t\t\t\n\t\t\t\t\t\t\t\t\t\t\t\t\t\t\t\t\n\t\t\t\t\t\t\t\t\t\t\t\t\t\n\t\t\t\t\t\t\t\t\t\t\t\t\t\t\t\t\t\t\t\t\t\t\t\t\t\t\t\n\t\t\t\t\t\t\t\t\t\t\t\t\t\t\t\t\t\t\t\t\t\t\t\t\t\t\n\t\t\t\t\t\t\t\t\t\t\t\t\t\t\t\t\t\t\t\t\t\t\t\t\t\t\t\t\t\t\t\t\t\t\t\n\t\n\t<div class=\"feature verticenter-ib\" data-layout=\"image-right\">\n\t\t\t\t\n\t\t<div class=\"grid\">\n\n\t\t\t\t\t\t\t\t\t\n\t\t\t\t<div class=\"grid__cell tablet__100 unit-5-12 push-7\">\n\t\t\t\t\t<figure class=\"centered-horizontal centered-vertical added-padding\">\n\t\t\t\t\t\t<img decoding=\"async\" loading=\"lazy\" src=\"https:\/\/i0.wp.com\/fkoafterschool.org\/wp-content\/uploads\/2019\/09\/icon_contact.png?resize=400%2C386&#038;ssl=1\" alt=\"enrollment icon\">\n\t\t\t\t\t<\/figure>\n\t\t\t\t<\/div>\t\n\n\t\t\t\t\t\t\t\t\t\n\t\t\t<div class=\"grid__cell tablet__100 unit-6-12 pull-5\">\n\n\t\t\t\t<div class=\"main-content\">\n\t\t\t\t\t\n\t\t\t\t\t\t\t\n\t\t\t\t\t\n\t\t\t\t\t<span class=\"pretitle\">Detalhes de Inscri\u00e7\u00e3o<\/span>\t\t\t\t\t\t\t\t\t\t\t\t\t\t\t\t\t\t<a href=\"http:\/\/fkoafterschool.org\/pt_pt\/registration-financial-support\/\" target=\"_blank\">\n\t\t\t\t\t\t\t\t\t\t\t\t\n\t\t\t\t\t\t<h3>Fale com um Diretor do Site FKO ou um Gestor de Propinas.<\/h3>\n\n\t\t\t\t\t\t\t\t\t\t\t\t\t<\/a>\n\t\t\t\t\t\t\n\t\t\t\t\t\t\t\t\t\t\n\t\t\t\t\t\t\t\n\t\t\t\t\t\n\t\t\t\t\t<p>Inscreva o seu filho num ano de aprendizagem ativa, exerc\u00edcio f\u00edsico e lanches saud\u00e1veis (e deliciosos!). Podemos gui\u00e1-lo atrav\u00e9s das op\u00e7\u00f5es de inscri\u00e7\u00e3o e financiamento dispon\u00edveis para a sua fam\u00edlia.<\/p>\n\n\t\t\t\t\t\t\t\t\t\t\t\n\t\t\t\t\t\t\n\t\t\t\t\t\t\t\t\t\t\t\n\t\t\t\t\t\t\n\t\t\t\t\t\t\t\t\t\t\t<a class=\"button\" href=\"http:\/\/fkoafterschool.org\/pt_pt\/registration-financial-support\/\" target=\"_blank\">Saber Mais<\/a>\n\t\t\t\t\t\n\t\t\t\t\t\t\t\n\t\t\t\t<\/div>\t\n\n\t\t\t<\/div>\t\n\n\t\t\t\n\t\t<\/div>\n\n\t<\/div>\n\n\t    \n    \n<\/div>","protected":false},"excerpt":{"rendered":"<p>Youth in Motion \u00e9 um espa\u00e7o de 743 metros quadrados em Revere onde crian\u00e7as desfrutam de brincadeiras ativas e aprendizagem personalizada com o objetivo de criar escolhas de estilo de vida saud\u00e1veis.<\/p>","protected":false},"featured_media":1471,"template":"","wpx-program-types":[33],"class_list":["post-437","wpx-programs","type-wpx-programs","status-publish","has-post-thumbnail","hentry","wpx-program-types-community-specialties"],"acf":[],"yoast_head":"<!-- This site is optimized with the Yoast SEO plugin v27.4 - https:\/\/yoast.com\/product\/yoast-seo-wordpress\/ -->\n<title>Youth In Motion - For Kids Only Afterschool<\/title>\n<meta name=\"robots\" content=\"index, follow, max-snippet:-1, max-image-preview:large, max-video-preview:-1\" \/>\n<link rel=\"canonical\" href=\"https:\/\/fkoafterschool.org\/pt_pt\/programs\/youth-in-motion\/\" \/>\n<meta property=\"og:locale\" content=\"pt_PT\" \/>\n<meta property=\"og:type\" content=\"article\" \/>\n<meta property=\"og:title\" content=\"Youth In Motion - For Kids Only Afterschool\" \/>\n<meta property=\"og:description\" content=\"Youth in Motion is an 8,000 square foot space in Revere where kids enjoy active play and personalized learning with the goal of creating healthy lifestyle choices.\" \/>\n<meta property=\"og:url\" content=\"https:\/\/fkoafterschool.org\/pt_pt\/programs\/youth-in-motion\/\" \/>\n<meta property=\"og:site_name\" content=\"For Kids Only Afterschool\" \/>\n<meta property=\"article:modified_time\" content=\"2021-10-12T13:19:16+00:00\" \/>\n<meta property=\"og:image\" content=\"https:\/\/fkoafterschool.org\/wp-content\/uploads\/2019\/06\/image12-2.jpg\" \/>\n\t<meta property=\"og:image:width\" content=\"784\" \/>\n\t<meta property=\"og:image:height\" content=\"784\" \/>\n\t<meta property=\"og:image:type\" content=\"image\/jpeg\" \/>\n<meta name=\"twitter:card\" content=\"summary_large_image\" \/>\n<script type=\"application\/ld+json\" class=\"yoast-schema-graph\">{\"@context\":\"https:\\\/\\\/schema.org\",\"@graph\":[{\"@type\":\"WebPage\",\"@id\":\"https:\\\/\\\/fkoafterschool.org\\\/programs\\\/youth-in-motion\\\/\",\"url\":\"https:\\\/\\\/fkoafterschool.org\\\/programs\\\/youth-in-motion\\\/\",\"name\":\"Youth In Motion - For Kids Only Afterschool\",\"isPartOf\":{\"@id\":\"https:\\\/\\\/fkoafterschool.org\\\/#website\"},\"primaryImageOfPage\":{\"@id\":\"https:\\\/\\\/fkoafterschool.org\\\/programs\\\/youth-in-motion\\\/#primaryimage\"},\"image\":{\"@id\":\"https:\\\/\\\/fkoafterschool.org\\\/programs\\\/youth-in-motion\\\/#primaryimage\"},\"thumbnailUrl\":\"https:\\\/\\\/i0.wp.com\\\/fkoafterschool.org\\\/wp-content\\\/uploads\\\/2019\\\/06\\\/image12-2.jpg?fit=784%2C784&ssl=1\",\"datePublished\":\"2019-06-11T18:58:07+00:00\",\"dateModified\":\"2021-10-12T13:19:16+00:00\",\"breadcrumb\":{\"@id\":\"https:\\\/\\\/fkoafterschool.org\\\/programs\\\/youth-in-motion\\\/#breadcrumb\"},\"inLanguage\":\"pt-PT\",\"potentialAction\":[{\"@type\":\"ReadAction\",\"target\":[\"https:\\\/\\\/fkoafterschool.org\\\/programs\\\/youth-in-motion\\\/\"]}]},{\"@type\":\"ImageObject\",\"inLanguage\":\"pt-PT\",\"@id\":\"https:\\\/\\\/fkoafterschool.org\\\/programs\\\/youth-in-motion\\\/#primaryimage\",\"url\":\"https:\\\/\\\/i0.wp.com\\\/fkoafterschool.org\\\/wp-content\\\/uploads\\\/2019\\\/06\\\/image12-2.jpg?fit=784%2C784&ssl=1\",\"contentUrl\":\"https:\\\/\\\/i0.wp.com\\\/fkoafterschool.org\\\/wp-content\\\/uploads\\\/2019\\\/06\\\/image12-2.jpg?fit=784%2C784&ssl=1\",\"width\":784,\"height\":784,\"caption\":\"Youth in Motion Revere MA\"},{\"@type\":\"BreadcrumbList\",\"@id\":\"https:\\\/\\\/fkoafterschool.org\\\/programs\\\/youth-in-motion\\\/#breadcrumb\",\"itemListElement\":[{\"@type\":\"ListItem\",\"position\":1,\"name\":\"Home\",\"item\":\"https:\\\/\\\/fkoafterschool.org\\\/\"},{\"@type\":\"ListItem\",\"position\":2,\"name\":\"Youth In Motion\"}]},{\"@type\":\"WebSite\",\"@id\":\"https:\\\/\\\/fkoafterschool.org\\\/#website\",\"url\":\"https:\\\/\\\/fkoafterschool.org\\\/\",\"name\":\"For Kids Only Afterschool\",\"description\":\"Just another WordPress site\",\"potentialAction\":[{\"@type\":\"SearchAction\",\"target\":{\"@type\":\"EntryPoint\",\"urlTemplate\":\"https:\\\/\\\/fkoafterschool.org\\\/?s={search_term_string}\"},\"query-input\":{\"@type\":\"PropertyValueSpecification\",\"valueRequired\":true,\"valueName\":\"search_term_string\"}}],\"inLanguage\":\"pt-PT\"}]}<\/script>\n<!-- \/ Yoast SEO plugin. -->","yoast_head_json":{"title":"Youth In Motion - For Kids Only Afterschool","robots":{"index":"index","follow":"follow","max-snippet":"max-snippet:-1","max-image-preview":"max-image-preview:large","max-video-preview":"max-video-preview:-1"},"canonical":"https:\/\/fkoafterschool.org\/pt_pt\/programs\/youth-in-motion\/","og_locale":"pt_PT","og_type":"article","og_title":"Youth In Motion - For Kids Only Afterschool","og_description":"Youth in Motion is an 8,000 square foot space in Revere where kids enjoy active play and personalized learning with the goal of creating healthy lifestyle choices.","og_url":"https:\/\/fkoafterschool.org\/pt_pt\/programs\/youth-in-motion\/","og_site_name":"For Kids Only Afterschool","article_modified_time":"2021-10-12T13:19:16+00:00","og_image":[{"width":784,"height":784,"url":"https:\/\/fkoafterschool.org\/wp-content\/uploads\/2019\/06\/image12-2.jpg","type":"image\/jpeg"}],"twitter_card":"summary_large_image","schema":{"@context":"https:\/\/schema.org","@graph":[{"@type":"WebPage","@id":"https:\/\/fkoafterschool.org\/programs\/youth-in-motion\/","url":"https:\/\/fkoafterschool.org\/programs\/youth-in-motion\/","name":"Youth In Motion - For Kids Only Afterschool","isPartOf":{"@id":"https:\/\/fkoafterschool.org\/#website"},"primaryImageOfPage":{"@id":"https:\/\/fkoafterschool.org\/programs\/youth-in-motion\/#primaryimage"},"image":{"@id":"https:\/\/fkoafterschool.org\/programs\/youth-in-motion\/#primaryimage"},"thumbnailUrl":"https:\/\/i0.wp.com\/fkoafterschool.org\/wp-content\/uploads\/2019\/06\/image12-2.jpg?fit=784%2C784&ssl=1","datePublished":"2019-06-11T18:58:07+00:00","dateModified":"2021-10-12T13:19:16+00:00","breadcrumb":{"@id":"https:\/\/fkoafterschool.org\/programs\/youth-in-motion\/#breadcrumb"},"inLanguage":"pt-PT","potentialAction":[{"@type":"ReadAction","target":["https:\/\/fkoafterschool.org\/programs\/youth-in-motion\/"]}]},{"@type":"ImageObject","inLanguage":"pt-PT","@id":"https:\/\/fkoafterschool.org\/programs\/youth-in-motion\/#primaryimage","url":"https:\/\/i0.wp.com\/fkoafterschool.org\/wp-content\/uploads\/2019\/06\/image12-2.jpg?fit=784%2C784&ssl=1","contentUrl":"https:\/\/i0.wp.com\/fkoafterschool.org\/wp-content\/uploads\/2019\/06\/image12-2.jpg?fit=784%2C784&ssl=1","width":784,"height":784,"caption":"Youth in Motion Revere MA"},{"@type":"BreadcrumbList","@id":"https:\/\/fkoafterschool.org\/programs\/youth-in-motion\/#breadcrumb","itemListElement":[{"@type":"ListItem","position":1,"name":"Home","item":"https:\/\/fkoafterschool.org\/"},{"@type":"ListItem","position":2,"name":"Youth In Motion"}]},{"@type":"WebSite","@id":"https:\/\/fkoafterschool.org\/#website","url":"https:\/\/fkoafterschool.org\/","name":"Apenas para Crian\u00e7as Depois da Escola","description":"Just another WordPress site","potentialAction":[{"@type":"SearchAction","target":{"@type":"EntryPoint","urlTemplate":"https:\/\/fkoafterschool.org\/?s={search_term_string}"},"query-input":{"@type":"PropertyValueSpecification","valueRequired":true,"valueName":"search_term_string"}}],"inLanguage":"pt-PT"}]}},"jetpack_sharing_enabled":true,"_links":{"self":[{"href":"https:\/\/fkoafterschool.org\/pt_pt\/wp-json\/wp\/v2\/wpx-programs\/437","targetHints":{"allow":["GET"]}}],"collection":[{"href":"https:\/\/fkoafterschool.org\/pt_pt\/wp-json\/wp\/v2\/wpx-programs"}],"about":[{"href":"https:\/\/fkoafterschool.org\/pt_pt\/wp-json\/wp\/v2\/types\/wpx-programs"}],"version-history":[{"count":26,"href":"https:\/\/fkoafterschool.org\/pt_pt\/wp-json\/wp\/v2\/wpx-programs\/437\/revisions"}],"predecessor-version":[{"id":5173,"href":"https:\/\/fkoafterschool.org\/pt_pt\/wp-json\/wp\/v2\/wpx-programs\/437\/revisions\/5173"}],"wp:featuredmedia":[{"embeddable":true,"href":"https:\/\/fkoafterschool.org\/pt_pt\/wp-json\/wp\/v2\/media\/1471"}],"wp:attachment":[{"href":"https:\/\/fkoafterschool.org\/pt_pt\/wp-json\/wp\/v2\/media?parent=437"}],"wp:term":[{"taxonomy":"wpx-program-types","embeddable":true,"href":"https:\/\/fkoafterschool.org\/pt_pt\/wp-json\/wp\/v2\/wpx-program-types?post=437"}],"curies":[{"name":"wp","href":"https:\/\/api.w.org\/{rel}","templated":true}]}}