{"id":437,"date":"2019-06-11T18:58:07","date_gmt":"2019-06-11T18:58:07","guid":{"rendered":"http:\/\/dev.local.com\/?post_type=wpx-programs&#038;p=437"},"modified":"2021-10-12T13:19:16","modified_gmt":"2021-10-12T13:19:16","slug":"youth-in-motion","status":"publish","type":"wpx-programs","link":"https:\/\/fkoafterschool.org\/pt_br\/programs\/youth-in-motion\/","title":{"rendered":"Juventude em Movimento"},"content":{"rendered":"<div class=\"de-inner hero-wrap wavey-bottom stacked\">\n\t<div class=\"hero   coverit\" style=\"background-image: url('https:\/\/i0.wp.com\/fkoafterschool.org\/wp-content\/uploads\/2019\/06\/image12-1.jpg?resize=1200%2C800&#038;ssl=1');\">\n\n\t\t\t\t\t\t\t\t\t<div class=\"image-wrap wavey-bottom  coverit\" style=\"background-image: url('https:\/\/i0.wp.com\/fkoafterschool.org\/wp-content\/uploads\/2019\/06\/image12-1.jpg?resize=1200%2C800&#038;ssl=1');\">\n\t\t\t\t\t<img decoding=\"async\" loading=\"lazy\" src=\"https:\/\/i0.wp.com\/fkoafterschool.org\/wp-content\/uploads\/2019\/06\/image12-1.jpg?resize=1200%2C800&#038;ssl=1\" alt=\"youth in motion\" \/>\n\t\t\t\t<\/div>\t\n\t\t\t\t\n\t\t\t\t\n\t\t<div class=\"inner-wrap\">\n\t\t\t\t\t\t<div class=\"grid aligncenter\">\n\t\t\t\t<div class=\"grid__cell unit-8-12 tablet__100 aligncenter\">\n\t\t\t\t\t<h2 class=\"screenreader\">Juventude em Movimento<\/h2>\t\n\t\t\t\t<\/div>\n\t\t\t\t\n\t\t\t\t<div class=\"grid__cell unit-6-12 tablet__100 desktop__75 aligncenter\">\t\n\n\t\t\t\t    \t\t\t\t\t\t\t\n\t\t\t\t\t\t\t<p class=\"subhead\">Youth in Motion \u00e9 um espa\u00e7o de 743 metros quadrados onde crian\u00e7as de 5 a 14 anos desfrutam de brincadeiras ativas e aprendizado personalizado com o objetivo de criar escolhas de estilo de vida saud\u00e1vel \u2014 tudo isso enquanto se divertem muito! O programa funciona de segunda a sexta-feira, do hor\u00e1rio de sa\u00edda da escola at\u00e9 as 18h, com servi\u00e7o de dia inteiro dispon\u00edvel das 7h \u00e0s 17h30 durante semanas de f\u00e9rias escolares, dias de desenvolvimento profissional para professores e os meses de ver\u00e3o.<\/p>\n\n\t\t\t        \t\n\t\t\t\t<\/div>\n\n\t\t\t\t\t\t\t<\/div>\t\t\n\t\t<\/div>\n\n\t<\/div>\n<\/div>\n\n\n\n<div class=\"whyy feature-wrap\">\n\n\n    \t\n\t\t\t\t\n\t\t\t\t\t\t\t\t\t\t\t\n\t\t\t\n\t\t\t\t\t\t\t\t\t\t\t\t\t\t\t\t\n\t\t\t\t\t\t\t\t\t\t\t\t\t\t\t\t\n\t\t\t\t\t\t\t\t\t\t\t\t\t\n\t\t\t\t\t\t\t\t\n\t\t\t\n\t\t\t\t\t\t\t\t\t\t\t\t\t\t\t\t\t\t\t\t\t\t\t\t\t\t\t\t\t\t\t\t\t\t\t\n\t\n\t<div class=\"feature verticenter-ib\" data-layout=\"image-left\">\n\t\t\t\t\n\t\t<div class=\"grid\">\n\n\t\t\t\t\t\t\t\t\t\n\t\t\t\t<div class=\"grid__cell tablet__100 unit-5-12\">\n\t\t\t\t\t<figure class=\"fancy-border\">\n\t\t\t\t\t\t<img decoding=\"async\" loading=\"lazy\" src=\"https:\/\/i0.wp.com\/fkoafterschool.org\/wp-content\/uploads\/2019\/06\/image32-2.jpg?resize=765%2C764&#038;ssl=1\" alt=\"wellness mindfulness\">\n\t\t\t\t\t<\/figure>\n\t\t\t\t<\/div>\t\n\n\t\t\t\t\t\t\t\t\t\n\t\t\t<div class=\"grid__cell tablet__100 unit-6-12\">\n\n\t\t\t\t<div class=\"main-content\">\n\t\t\t\t\t\n\t\t\t\t\t\t\t\n\t\t\t\t\t\n\t\t\t\t\t<span class=\"pretitle\">Bem-estar e Aten\u00e7\u00e3o Plena<\/span>\t\t\t\t\t\t\t\t\t\t\t\t\t\t\t\t\t\n\t\t\t\t\t\t<h3>Aprender habilidades e h\u00e1bitos para um estilo de vida saud\u00e1vel<\/h3>\n\n\t\t\t\t\t\t\n\t\t\t\t\t\t\t\t\t\t\n\t\t\t\t\t\t\t\n\t\t\t\t\t\n\t\t\t\t\t<p>Com redu\u00e7\u00f5es nas oportunidades de atividade f\u00edsica durante o dia escolar, o Youth in Motion estimula as crian\u00e7as a se movimentarem durante o hor\u00e1rio fora da escola para melhorar seu bem-estar mental, f\u00edsico e geral. As crian\u00e7as jogam basquete e jogos em grupo no Gin\u00e1sio, enquanto o Est\u00fadio de Dan\u00e7a e Yoga oferece oportunidades de movimento e aten\u00e7\u00e3o plena. A Sala de Reflex\u00e3o oferece espa\u00e7o para alunos com altas necessidades relaxarem, autorregularem-se e descompressarem.<\/p>\n\n\t\t\t\t\t\t\t\t\t\t\t\n\t\t\t\t\t\t\n\t\t\t\t\t\t\t\t\t\t\t\n\t\t\t\t\t\t\n\t\t\t\t\t\n\t\t\t\t\t\t\t\n\t\t\t\t<\/div>\t\n\n\t\t\t<\/div>\t\n\n\t\t\t\n\t\t<\/div>\n\n\t<\/div>\n\n\t    \n    \n    \t\n\t\t\t\t\n\t\t\t\t\t\t\t\t\t\t\t\n\t\t\t\n\t\t\t\t\t\t\t\t\t\t\t\t\t\t\t\t\n\t\t\t\t\t\t\t\t\t\t\t\t\t\t\t\t\n\t\t\t\t\t\t\t\t\t\t\t\t\t\n\t\t\t\t\t\t\t\t\n\t\t\t\n\t\t\t\t\t\t\t\t\t\t\t\t\t\t\t\t\t\t\t\t\t\t\t\t\t\t\t\t\t\t\t\t\t\t\t\n\t\n\t<div class=\"feature verticenter-ib\" data-layout=\"image-right\">\n\t\t\t\t\n\t\t<div class=\"grid\">\n\n\t\t\t\t\t\t\t\t\t\n\t\t\t\t<div class=\"grid__cell tablet__100 unit-5-12 push-7\">\n\t\t\t\t\t<figure class=\"fancy-border\">\n\t\t\t\t\t\t<img decoding=\"async\" loading=\"lazy\" src=\"https:\/\/i0.wp.com\/fkoafterschool.org\/wp-content\/uploads\/2019\/06\/IMG_8801.jpg?resize=800%2C800&#038;ssl=1\" alt=\"healthy food choices\">\n\t\t\t\t\t<\/figure>\n\t\t\t\t<\/div>\t\n\n\t\t\t\t\t\t\t\t\t\n\t\t\t<div class=\"grid__cell tablet__100 unit-6-12 pull-5\">\n\n\t\t\t\t<div class=\"main-content\">\n\t\t\t\t\t\n\t\t\t\t\t\t\t\n\t\t\t\t\t\n\t\t\t\t\t<span class=\"pretitle\">Comida Saud\u00e1vel para Mente e Corpo<\/span>\t\t\t\t\t\t\t\t\t\t\t\t\t\t\t\t\t\n\t\t\t\t\t\t<h3>Desenvolver h\u00e1bitos desde cedo para uma vida de sa\u00fade e bem-estar<\/h3>\n\n\t\t\t\t\t\t\n\t\t\t\t\t\t\t\t\t\t\n\t\t\t\t\t\t\t\n\t\t\t\t\t\n\t\t\t\t\t<p>Depois de abrir o apetite dan\u00e7ando, brincando ou criando, as crian\u00e7as desfrutam de um lanche saud\u00e1vel p\u00f3s-escola no caf\u00e9 da nutri\u00e7\u00e3o. A cozinha totalmente equipada oferece um lugar seguro para projetos culin\u00e1rios pr\u00e1ticos. As crian\u00e7as aprendem a fazer escolhas alimentares saud\u00e1veis todos os dias \u2013 e descobrem que saud\u00e1vel tamb\u00e9m pode ser delicioso!<\/p>\n\n\t\t\t\t\t\t\t\t\t\t\t\n\t\t\t\t\t\t\n\t\t\t\t\t\t\t\t\t\t\t\n\t\t\t\t\t\t\n\t\t\t\t\t\n\t\t\t\t\t\t\t\n\t\t\t\t<\/div>\t\n\n\t\t\t<\/div>\t\n\n\t\t\t\n\t\t<\/div>\n\n\t<\/div>\n\n\t    \n    \n    \t\n\t\t\t\t\n\t\t\t\t\t\t\t\t\t\t\t\n\t\t\t\n\t\t\t\t\t\t\t\t\t\t\t\t\t\t\t\t\n\t\t\t\t\t\t\t\t\t\t\t\t\t\t\t\t\n\t\t\t\t\t\t\t\t\t\t\t\t\t\n\t\t\t\t\t\t\t\t\n\t\t\t\n\t\t\t\t\t\t\t\t\t\t\t\t\t\t\t\t\t\t\t\t\t\t\t\t\t\t\t\t\t\t\t\t\t\t\t\n\t\n\t<div class=\"feature verticenter-ib\" data-layout=\"image-left\">\n\t\t\t\t\n\t\t<div class=\"grid\">\n\n\t\t\t\t\t\t\t\t\t\n\t\t\t\t<div class=\"grid__cell tablet__100 unit-5-12\">\n\t\t\t\t\t<figure class=\"fancy-border\">\n\t\t\t\t\t\t<img decoding=\"async\" loading=\"lazy\" src=\"https:\/\/i0.wp.com\/fkoafterschool.org\/wp-content\/uploads\/2019\/06\/image34-2.jpg?resize=743%2C742&#038;ssl=1\" alt=\"enrichment classes\">\n\t\t\t\t\t<\/figure>\n\t\t\t\t<\/div>\t\n\n\t\t\t\t\t\t\t\t\t\n\t\t\t<div class=\"grid__cell tablet__100 unit-6-12\">\n\n\t\t\t\t<div class=\"main-content\">\n\t\t\t\t\t\n\t\t\t\t\t\t\t\n\t\t\t\t\t\n\t\t\t\t\t<span class=\"pretitle\">Aulas de enriquecimento<\/span>\t\t\t\t\t\t\t\t\t\t\t\t\t\t\t\t\t\n\t\t\t\t\t\t<h3>Aprendizagem atrav\u00e9s da explora\u00e7\u00e3o e criatividade<\/h3>\n\n\t\t\t\t\t\t\n\t\t\t\t\t\t\t\t\t\t\n\t\t\t\t\t\t\t\n\t\t\t\t\t\n\t\t\t\t\t<p>As crian\u00e7as exploram e expandem seus interesses durante aulas de enriquecimento de 10 semanas auto-selecionadas, como esportes, dan\u00e7a e teatro. Nosso laborat\u00f3rio STEAM oferece \u00e0s crian\u00e7as tempo de aprendizado pr\u00e1tico para conceitos de Ci\u00eancia, Tecnologia, Engenharia, Arte e Matem\u00e1tica, com projetos criativos de constru\u00e7\u00e3o e experimentos cient\u00edficos \u00fanicos que tornam cada dia uma oportunidade de aprender algo novo.<\/p>\n\n\t\t\t\t\t\t\t\t\t\t\t\n\t\t\t\t\t\t\n\t\t\t\t\t\t\t\t\t\t\t\n\t\t\t\t\t\t\n\t\t\t\t\t\n\t\t\t\t\t\t\t\n\t\t\t\t<\/div>\t\n\n\t\t\t<\/div>\t\n\n\t\t\t\n\t\t<\/div>\n\n\t<\/div>\n\n\t    \n    \n    \t\n\t\t\t\t\n\t\t\t\t\t\t\t\t\t\t\t\n\t\t\t\n\t\t\t\t\t\t\t\t\t\t\t\t\t\t\t\t\n\t\t\t\t\t\t\t\t\t\t\t\t\t\t\t\t\n\t\t\t\t\t\t\t\t\t\t\t\t\t\n\t\t\t\t\t\t\t\t\n\t\t\t\n\t\t\t\t\t\t\t\t\t\t\t\t\t\t\t\t\t\t\t\t\t\t\t\t\t\t\t\t\t\t\t\t\t\t\t\n\t\n\t<div class=\"feature verticenter-ib\" data-layout=\"image-right\">\n\t\t\t\t\n\t\t<div class=\"grid\">\n\n\t\t\t\t\t\t\t\t\t\n\t\t\t\t<div class=\"grid__cell tablet__100 unit-5-12 push-7\">\n\t\t\t\t\t<figure class=\"fancy-border\">\n\t\t\t\t\t\t<img decoding=\"async\" loading=\"lazy\" src=\"https:\/\/i0.wp.com\/fkoafterschool.org\/wp-content\/uploads\/2019\/06\/image35-2.jpg?resize=763%2C764&#038;ssl=1\" alt=\"homework completion\">\n\t\t\t\t\t<\/figure>\n\t\t\t\t<\/div>\t\n\n\t\t\t\t\t\t\t\t\t\n\t\t\t<div class=\"grid__cell tablet__100 unit-6-12 pull-5\">\n\n\t\t\t\t<div class=\"main-content\">\n\t\t\t\t\t\n\t\t\t\t\t\t\t\n\t\t\t\t\t\n\t\t\t\t\t<span class=\"pretitle\">Oportunidades para Conclus\u00e3o de Li\u00e7\u00e3o de Casa<\/span>\t\t\t\t\t\t\t\t\t\t\t\t\t\t\t\t\t\n\t\t\t\t\t\t<h3>Proporcionando um espa\u00e7o tranquilo para li\u00e7\u00e3o de casa<\/h3>\n\n\t\t\t\t\t\t\n\t\t\t\t\t\t\t\t\t\t\n\t\t\t\t\t\t\t\n\t\t\t\t\t\n\t\t\t\t\t<p>Crian\u00e7as que querem avan\u00e7ar em seus trabalhos escolares ou ler o pr\u00f3ximo cap\u00edtulo de seu livro favorito podem ir ao Biblioteca e Laborat\u00f3rio de Inform\u00e1tica para um espa\u00e7o tranquilo com mesas, escrivaninhas e computadores. Embora o tempo para li\u00e7\u00e3o de casa seja opcional, a equipe do Youth In Motion incentiva as crian\u00e7as e fornece suporte com d\u00favidas sobre os trabalhos.<\/p>\n\n\t\t\t\t\t\t\t\t\t\t\t\n\t\t\t\t\t\t\n\t\t\t\t\t\t\t\t\t\t\t\n\t\t\t\t\t\t\n\t\t\t\t\t\n\t\t\t\t\t\t\t\n\t\t\t\t<\/div>\t\n\n\t\t\t<\/div>\t\n\n\t\t\t\n\t\t<\/div>\n\n\t<\/div>\n\n\t    \n    \n    \t\n\t\t\t\t\n\t\t\t\t\t\t\t\t\t\t\t\n\t\t\t\n\t\t\t\t\t\t\t\t\t\t\t\t\t\t\t\t\n\t\t\t\t\t\t\t\t\t\t\t\t\t\t\t\t\n\t\t\t\t\t\t\t\t\t\t\t\t\t\n\t\t\t\t\t\t\t\t\n\t\t\t\n\t\t\t\t\t\t\t\t\t\t\t\t\t\t\t\t\t\t\t\t\t\t\t\t\t\t\t\t\t\t\t\t\t\t\t\n\t\n\t<div class=\"feature verticenter-ib\" data-layout=\"image-left\">\n\t\t\t\t\n\t\t<div class=\"grid\">\n\n\t\t\t\t\t\t\t\t\t\n\t\t\t\t<div class=\"grid__cell tablet__100 unit-5-12\">\n\t\t\t\t\t<figure class=\"fancy-border\">\n\t\t\t\t\t\t<img decoding=\"async\" loading=\"lazy\" src=\"https:\/\/i0.wp.com\/fkoafterschool.org\/wp-content\/uploads\/2019\/06\/image36-2.jpg?resize=713%2C712&#038;ssl=1\" alt=\"trained and nurturing staff\">\n\t\t\t\t\t<\/figure>\n\t\t\t\t<\/div>\t\n\n\t\t\t\t\t\t\t\t\t\n\t\t\t<div class=\"grid__cell tablet__100 unit-6-12\">\n\n\t\t\t\t<div class=\"main-content\">\n\t\t\t\t\t\n\t\t\t\t\t\t\t\n\t\t\t\t\t\n\t\t\t\t\t<span class=\"pretitle\">Equipe Treinada e Carinhosa<\/span>\t\t\t\t\t\t\t\t\t\t\t\t\t\t\t\t\t\n\t\t\t\t\t\t<h3>Construindo relacionamentos duradouros em um ambiente inclusivo<\/h3>\n\n\t\t\t\t\t\t\n\t\t\t\t\t\t\t\t\t\t\n\t\t\t\t\t\t\t\n\t\t\t\t\t\n\t\t\t\t\t<p>A cada dia, as crian\u00e7as interagem com uma equipe principal do Youth in Motion \u2013 um diretor dedicado no local, funcion\u00e1rios maduros e brincalh\u00f5es, assistentes sociais licenciados e especialistas em inclus\u00e3o que trabalham com o programa para apoiar crian\u00e7as e funcion\u00e1rios. A equipe representa os diversos hist\u00f3ricos dos alunos e garante que o curr\u00edculo, os suprimentos e os materiais do programa representem variadas culturas e interesses. Nosso recepcionista familiar garante a seguran\u00e7a dos alunos e dos funcion\u00e1rios e \u00e9 um ponto de contato familiar para quaisquer d\u00favidas.<\/p>\n\n\t\t\t\t\t\t\t\t\t\t\t\n\t\t\t\t\t\t\n\t\t\t\t\t\t\t\t\t\t\t\n\t\t\t\t\t\t\n\t\t\t\t\t\n\t\t\t\t\t\t\t\n\t\t\t\t<\/div>\t\n\n\t\t\t<\/div>\t\n\n\t\t\t\n\t\t<\/div>\n\n\t<\/div>\n\n\t    \n    \n<\/div>\n\n\n\t\n\t\n\n\n\t\t\n\n\t\t\t\t\t\n\n\t\n\t\n\t\n\t\n\t\n\n\n<div class=\"custom-archive\">\n\n\n\t\t\t\t\n\t\t<div class=\"item-series-wrap\" data-layout=\"overlayed\">\n\t\t\t<div class=\"item-series\">\n\n\t\t\t\t<div class=\"three-columns tabs\" data-archive-layout=\"overlayed\">\n\t\t    \t\n    \t\t\t\t\n\t\n\n\n\t\t\n\t\n\t<div class=\"aligncenter\">\n\t\t<h2>Programas Principais<\/h2>\n\t\t\t\t\t<p class=\"grey caps after-title\">Oferecido em todas as nossas comunidades<\/p>\n\t\t\t<\/div>\t\n\n\t<div class=\"flex-grid grid\">\n\n\t\t\n\n\t\t\t\t\n\t\t\n\n\n\t\t\n\n\n\n\t\t\t\t\t\n\n\n\t\n\n\t\t\t\n\n\t\t\t<div class=\"cell grid__cell\" data-id=\"381\" data-action=\"isogrid-sort\" data-category=\"core-programs\">\n\n\t<article class=\"item\" data-mh=\"item\">\n\n\t\t\n\t\t\t\t\n\t\t\t    \t\t\t\t<a href=\"https:\/\/fkoafterschool.org\/pt_br\/programs\/afterschool-program\/\" target=\"\">\n\t\t\t\t\t\t        <figure class=\"\">\n\t\t\t\t\t\t\t     \t   <img decoding=\"async\" loading=\"lazy\" src=\"https:\/\/i0.wp.com\/fkoafterschool.org\/wp-content\/uploads\/2019\/06\/BV2A5181.jpg?resize=800%2C800&#038;ssl=1\" alt=\"afterschool program\" \/>\n\t\t    \t<\/figure>\n\t\t\t    \t\t\t\t<\/a>\n\t\t\t\t\t\t    \t\n\t\t\t\n\t\t\n\t\t\t<div class=\"main-content\" data-mh='mainer'>\n\n\t\t        \t\t\t\t\n\t\t\t\t\t\t\n\t\t\t\t\n\t\t\t\t\t\t\t\t\t\t\t\t\t        \t\t\t        \t\t\t\t\t\t\t<a href=\"https:\/\/fkoafterschool.org\/pt_br\/programs\/afterschool-program\/\" target=\"\">\n\t\t\t\t\t\t\t\t\t        \t<h3 >Atividade extracurricular<\/h3>\n\n\t\t\t\t\t\t\n\t\t\t\t\t\t\t\t\t\t\t\t<\/a>\n\t\t\t\t\t\t\t\t\t        \t\t\t\t\t\t\t\t\t\t\t\t\t\t\t<p>Nossos programas extracurriculares oferecem um ambiente seguro, estimulante e divertido de segunda a sexta-feira, do hor\u00e1rio de sa\u00edda da escola at\u00e9 as 17h30.<\/p>\n\n\t\t\t\t\t\t\n\t\t\t\t\t\t\t\t\t\t\t\t\t\t\t\t\t\t\t\t\t\t\t\t\t\t\t\t\t\t\t\t\t\t\t\t\t\t\t\t\t\t<a class=\"caps\" href=\"https:\/\/fkoafterschool.org\/pt_br\/programs\/afterschool-program\/\" target=\"\">Leia mais<\/a>\n\t\t\t\t\n\t\t\t\t\n\t\t\t<\/div>\n\t\t\t\n\t\t\n\t\t\t\n\t\t\n\t\t\n\t\t\n\t<\/article>\n<\/div>\t\t\t\n\n\t\t\n\t    \t\t\n\t\t\n\n\n\t\t\n\n\n\n\t\t\t\t\t\n\n\n\t\n\n\t\t\t\n\n\t\t\t<div class=\"cell grid__cell\" data-id=\"379\" data-action=\"isogrid-sort\" data-category=\"core-programs\">\n\n\t<article class=\"item\" data-mh=\"item\">\n\n\t\t\n\t\t\t\t\n\t\t\t    \t\t\t\t<a href=\"https:\/\/fkoafterschool.org\/pt_br\/programs\/summer-program\/\" target=\"\">\n\t\t\t\t\t\t        <figure class=\"\">\n\t\t\t\t\t\t\t     \t   <img decoding=\"async\" loading=\"lazy\" src=\"https:\/\/i0.wp.com\/fkoafterschool.org\/wp-content\/uploads\/2019\/09\/learning-4.jpg?resize=800%2C800&#038;ssl=1\" alt=\"\" \/>\n\t\t    \t<\/figure>\n\t\t\t    \t\t\t\t<\/a>\n\t\t\t\t\t\t    \t\n\t\t\t\n\t\t\n\t\t\t<div class=\"main-content\" data-mh='mainer'>\n\n\t\t        \t\t\t\t\n\t\t\t\t\t\t\n\t\t\t\t\n\t\t\t\t\t\t\t\t\t\t\t\t\t        \t\t\t        \t\t\t\t\t\t\t<a href=\"https:\/\/fkoafterschool.org\/pt_br\/programs\/summer-program\/\" target=\"\">\n\t\t\t\t\t\t\t\t\t        \t<h3 >Ver\u00e3o<\/h3>\n\n\t\t\t\t\t\t\n\t\t\t\t\t\t\t\t\t\t\t\t<\/a>\n\t\t\t\t\t\t\t\t\t        \t\t\t\t\t\t\t\t\t\t\t\t\t\t\t<p>D\u00ea ao seu filho as f\u00e9rias de ver\u00e3o dos sonhos dele. Os programas de ver\u00e3o funcionam de segunda a sexta-feira, das 7h \u00e0s 17h30.<\/p>\n\n\t\t\t\t\t\t\n\t\t\t\t\t\t\t\t\t\t\t\t\t\t\t\t\t\t\t\t\t\t\t\t\t\t\t\t\t\t\t\t\t\t\t\t\t\t\t\t\t\t<a class=\"caps\" href=\"https:\/\/fkoafterschool.org\/pt_br\/programs\/summer-program\/\" target=\"\">Leia mais<\/a>\n\t\t\t\t\n\t\t\t\t\n\t\t\t<\/div>\n\t\t\t\n\t\t\n\t\t\t\n\t\t\n\t\t\n\t\t\n\t<\/article>\n<\/div>\t\t\t\n\n\t\t\n\t    \t\t\n\t\t\n\n\n\t\t\n\n\n\n\t\t\t\t\t\n\n\n\t\n\n\t\t\t\n\n\t\t\t<div class=\"cell grid__cell\" data-id=\"377\" data-action=\"isogrid-sort\" data-category=\"core-programs\">\n\n\t<article class=\"item\" data-mh=\"item\">\n\n\t\t\n\t\t\t\t\n\t\t\t    \t\t\t\t<a href=\"https:\/\/fkoafterschool.org\/pt_br\/programs\/vacation-program\/\" target=\"\">\n\t\t\t\t\t\t        <figure class=\"\">\n\t\t\t\t\t\t\t     \t   <img decoding=\"async\" loading=\"lazy\" src=\"https:\/\/i0.wp.com\/fkoafterschool.org\/wp-content\/uploads\/2019\/06\/VACATIONWEEK.jpeg?resize=800%2C800&#038;ssl=1\" alt=\"school vacation\" \/>\n\t\t    \t<\/figure>\n\t\t\t    \t\t\t\t<\/a>\n\t\t\t\t\t\t    \t\n\t\t\t\n\t\t\n\t\t\t<div class=\"main-content\" data-mh='mainer'>\n\n\t\t        \t\t\t\t\n\t\t\t\t\t\t\n\t\t\t\t\n\t\t\t\t\t\t\t\t\t\t\t\t\t        \t\t\t        \t\t\t\t\t\t\t<a href=\"https:\/\/fkoafterschool.org\/pt_br\/programs\/vacation-program\/\" target=\"\">\n\t\t\t\t\t\t\t\t\t        \t<h3 >F\u00e9rias escolares<\/h3>\n\n\t\t\t\t\t\t\n\t\t\t\t\t\t\t\t\t\t\t\t<\/a>\n\t\t\t\t\t\t\t\t\t        \t\t\t\t\t\t\t\t\t\t\t\t\t\t\t<p>Com programa\u00e7\u00e3o das 7h \u00e0s 17h30, as crian\u00e7as recarregam as energias em seus dias de folga da escola enquanto aprendem e crescem ao mesmo tempo.<\/p>\n\n\t\t\t\t\t\t\n\t\t\t\t\t\t\t\t\t\t\t\t\t\t\t\t\t\t\t\t\t\t\t\t\t\t\t\t\t\t\t\t\t\t\t\t\t\t\t\t\t\t<a class=\"caps\" href=\"https:\/\/fkoafterschool.org\/pt_br\/programs\/vacation-program\/\" target=\"\">Leia mais<\/a>\n\t\t\t\t\n\t\t\t\t\n\t\t\t<\/div>\n\t\t\t\n\t\t\n\t\t\t\n\t\t\n\t\t\n\t\t\n\t<\/article>\n<\/div>\t\t\t\n\n\t\t\n\t    \n\n\t\n\t<\/div>\t  \n\n\t\n\t\n\n\t\t\n\t\n\t<div class=\"aligncenter\">\n\t\t<h2>Especialidades da Comunidade<\/h2>\n\t\t\t\t\t<p class=\"grey caps after-title\">Oferecido em algumas de nossas comunidades<\/p>\n\t\t\t<\/div>\t\n\n\t<div class=\"flex-grid grid\">\n\n\t\t\n\n\t\t\t\t\n\t\t\n\n\n\t\t\n\n\n\n\t\t\t\t\t\n\n\n\t\n\n\t\t\t\n\n\t\t\t<div class=\"cell grid__cell\" data-id=\"440\" data-action=\"isogrid-sort\" data-category=\"community-specialties\">\n\n\t<article class=\"item\" data-mh=\"item\">\n\n\t\t\n\t\t\t\t\n\t\t\t    \t\t\t\t<a href=\"https:\/\/fkoafterschool.org\/pt_br\/programs\/before-the-bell\/\" target=\"\">\n\t\t\t\t\t\t        <figure class=\"\">\n\t\t\t\t\t\t\t     \t   <img decoding=\"async\" loading=\"lazy\" src=\"https:\/\/i0.wp.com\/fkoafterschool.org\/wp-content\/uploads\/2019\/06\/BV2A1427-1.jpg?resize=800%2C800&#038;ssl=1\" alt=\"before the bell program\" \/>\n\t\t    \t<\/figure>\n\t\t\t    \t\t\t\t<\/a>\n\t\t\t\t\t\t    \t\n\t\t\t\n\t\t\n\t\t\t<div class=\"main-content\" data-mh='mainer'>\n\n\t\t        \t\t\t\t\n\t\t\t\t\t\t\n\t\t\t\t\n\t\t\t\t\t\t\t\t\t\t\t\t\t        \t\t\t        \t\t\t\t\t\t\t<a href=\"https:\/\/fkoafterschool.org\/pt_br\/programs\/before-the-bell\/\" target=\"\">\n\t\t\t\t\t\t\t\t\t        \t<h3 >Antes do Sino<\/h3>\n\n\t\t\t\t\t\t\n\t\t\t\t\t\t\t\t\t\t\t\t<\/a>\n\t\t\t\t\t\t\t\t\t        \t\t\t\t\t\t\t\t\t\t\t\t\t\t\t<p>Fique tranquilo sabendo que seu filho ser\u00e1 cuidado antes da escola. Oferecido somente em Peabody, das 7h15 \u00e0s 9h, de segunda a sexta-feira.<\/p>\n\n\t\t\t\t\t\t\n\t\t\t\t\t\t\t\t\t\t\t\t\t\t\t\t\t\t\t\t\t\t\t\t\t\t\t\t\t\t\t\t\t\t\t\t\t\t\t\t\t\t<a class=\"caps\" href=\"https:\/\/fkoafterschool.org\/pt_br\/programs\/before-the-bell\/\" target=\"\">Leia mais<\/a>\n\t\t\t\t\n\t\t\t\t\n\t\t\t<\/div>\n\t\t\t\n\t\t\n\t\t\t\n\t\t\n\t\t\n\t\t\n\t<\/article>\n<\/div>\t\t\t\n\n\t\t\n\t    \t\t\n\t\t\n\n\n\t\t\n\n\n\n\t\t\t\t\t\n\n\n\t\n\n\t\t\t\n\n\t\t\t<div class=\"cell grid__cell\" data-id=\"437\" data-action=\"isogrid-sort\" data-category=\"community-specialties\">\n\n\t<article class=\"item\" data-mh=\"item\">\n\n\t\t\n\t\t\t\t\n\t\t\t    \t\t\t\t<a href=\"https:\/\/fkoafterschool.org\/pt_br\/programs\/youth-in-motion\/\" target=\"\">\n\t\t\t\t\t\t        <figure class=\"\">\n\t\t\t\t\t\t\t     \t   <img decoding=\"async\" loading=\"lazy\" src=\"https:\/\/i0.wp.com\/fkoafterschool.org\/wp-content\/uploads\/2019\/06\/image12-2.jpg?resize=784%2C784&#038;ssl=1\" alt=\"Youth in Motion Revere MA\" \/>\n\t\t    \t<\/figure>\n\t\t\t    \t\t\t\t<\/a>\n\t\t\t\t\t\t    \t\n\t\t\t\n\t\t\n\t\t\t<div class=\"main-content\" data-mh='mainer'>\n\n\t\t        \t\t\t\t\n\t\t\t\t\t\t\n\t\t\t\t\n\t\t\t\t\t\t\t\t\t\t\t\t\t        \t\t\t        \t\t\t\t\t\t\t<a href=\"https:\/\/fkoafterschool.org\/pt_br\/programs\/youth-in-motion\/\" target=\"\">\n\t\t\t\t\t\t\t\t\t        \t<h3 >Juventude em Movimento<\/h3>\n\n\t\t\t\t\t\t\n\t\t\t\t\t\t\t\t\t\t\t\t<\/a>\n\t\t\t\t\t\t\t\t\t        \t\t\t\t\t\t\t\t\t\t\t\t\t\t\t<p>Youth in Motion \u00e9 um espa\u00e7o de 743 metros quadrados em Revere onde as crian\u00e7as desfrutam de brincadeiras ativas e aprendizado personalizado com o objetivo de criar escolhas de estilo de vida saud\u00e1veis.<\/p>\n\n\t\t\t\t\t\t\n\t\t\t\t\t\t\t\t\t\t\t\t\t\t\t\t\t\t\t\t\t\t\t\t\t\t\t\t\t\t\t\t\t\t\t\t\t\t\t\t\t\t<a class=\"caps\" href=\"https:\/\/fkoafterschool.org\/pt_br\/programs\/youth-in-motion\/\" target=\"\">Leia mais<\/a>\n\t\t\t\t\n\t\t\t\t\n\t\t\t<\/div>\n\t\t\t\n\t\t\n\t\t\t\n\t\t\n\t\t\n\t\t\n\t<\/article>\n<\/div>\t\t\t\n\n\t\t\n\t    \n\n\t\n\t<\/div>\t  \n\n\t\n\t\n\n    \t\t\t<\/div>\n    \t\t\t\n    \t\t<\/div>\n    \t<\/div>\t\t\t\n\n\t\t\t\n<\/div>\n\n\n\n\n\n<div class=\"whyy feature-wrap  bright-border de-inner white-bg\">\n\n\n    \t\n\t\t\t\t\n\t\t\t\t\t\t\t\t\t\t\t\n\t\t\t\n\t\t\t\t\t\t\t\t\t\t\t\t\t\t\t\t\n\t\t\t\t\t\t\t\t\t\t\t\t\t\t\t\t\n\t\t\t\t\t\t\t\t\t\t\t\t\t\n\t\t\t\t\t\t\t\t\t\t\t\t\t\t\t\t\t\t\t\t\t\t\t\t\t\t\t\n\t\t\t\t\t\t\t\t\t\t\t\t\t\t\t\t\t\t\t\t\t\t\t\t\t\t\n\t\t\t\t\t\t\t\t\t\t\t\t\t\t\t\t\t\t\t\t\t\t\t\t\t\t\t\t\t\t\t\t\t\t\t\n\t\n\t<div class=\"feature verticenter-ib\" data-layout=\"image-right\">\n\t\t\t\t\n\t\t<div class=\"grid\">\n\n\t\t\t\t\t\t\t\t\t\n\t\t\t\t<div class=\"grid__cell tablet__100 unit-5-12 push-7\">\n\t\t\t\t\t<figure class=\"centered-horizontal centered-vertical added-padding\">\n\t\t\t\t\t\t<img decoding=\"async\" loading=\"lazy\" src=\"https:\/\/i0.wp.com\/fkoafterschool.org\/wp-content\/uploads\/2019\/09\/icon_contact.png?resize=400%2C386&#038;ssl=1\" alt=\"enrollment icon\">\n\t\t\t\t\t<\/figure>\n\t\t\t\t<\/div>\t\n\n\t\t\t\t\t\t\t\t\t\n\t\t\t<div class=\"grid__cell tablet__100 unit-6-12 pull-5\">\n\n\t\t\t\t<div class=\"main-content\">\n\t\t\t\t\t\n\t\t\t\t\t\t\t\n\t\t\t\t\t\n\t\t\t\t\t<span class=\"pretitle\">Detalhes de Inscri\u00e7\u00e3o<\/span>\t\t\t\t\t\t\t\t\t\t\t\t\t\t\t\t\t\t<a href=\"http:\/\/fkoafterschool.org\/pt_br\/registration-financial-support\/\" target=\"_blank\">\n\t\t\t\t\t\t\t\t\t\t\t\t\n\t\t\t\t\t\t<h3>Fale com um Diretor de Unidade ou Gerente de Matr\u00edcula da FKO.<\/h3>\n\n\t\t\t\t\t\t\t\t\t\t\t\t\t<\/a>\n\t\t\t\t\t\t\n\t\t\t\t\t\t\t\t\t\t\n\t\t\t\t\t\t\t\n\t\t\t\t\t\n\t\t\t\t\t<p>Inscreva seu filho para um ano de aprendizado ativo, exerc\u00edcios f\u00edsicos e lanches saud\u00e1veis (e deliciosos!). Podemos gui\u00e1-lo pelas op\u00e7\u00f5es de inscri\u00e7\u00e3o e financiamento dispon\u00edveis para sua fam\u00edlia.<\/p>\n\n\t\t\t\t\t\t\t\t\t\t\t\n\t\t\t\t\t\t\n\t\t\t\t\t\t\t\t\t\t\t\n\t\t\t\t\t\t\n\t\t\t\t\t\t\t\t\t\t\t<a class=\"button\" href=\"http:\/\/fkoafterschool.org\/pt_br\/registration-financial-support\/\" target=\"_blank\">Saiba mais<\/a>\n\t\t\t\t\t\n\t\t\t\t\t\t\t\n\t\t\t\t<\/div>\t\n\n\t\t\t<\/div>\t\n\n\t\t\t\n\t\t<\/div>\n\n\t<\/div>\n\n\t    \n    \n<\/div>","protected":false},"excerpt":{"rendered":"<p>Youth in Motion \u00e9 um espa\u00e7o de 743 metros quadrados em Revere onde as crian\u00e7as desfrutam de brincadeiras ativas e aprendizado personalizado com o objetivo de criar escolhas de estilo de vida saud\u00e1veis.<\/p>","protected":false},"featured_media":1471,"template":"","wpx-program-types":[33],"class_list":["post-437","wpx-programs","type-wpx-programs","status-publish","has-post-thumbnail","hentry","wpx-program-types-community-specialties"],"acf":[],"yoast_head":"<!-- This site is optimized with the Yoast SEO plugin v27.4 - https:\/\/yoast.com\/product\/yoast-seo-wordpress\/ -->\n<title>Youth In Motion - For Kids Only Afterschool<\/title>\n<meta name=\"robots\" content=\"index, follow, max-snippet:-1, max-image-preview:large, max-video-preview:-1\" \/>\n<link rel=\"canonical\" href=\"https:\/\/fkoafterschool.org\/pt_br\/programs\/youth-in-motion\/\" \/>\n<meta property=\"og:locale\" content=\"pt_BR\" \/>\n<meta property=\"og:type\" content=\"article\" \/>\n<meta property=\"og:title\" content=\"Youth In Motion - For Kids Only Afterschool\" \/>\n<meta property=\"og:description\" content=\"Youth in Motion is an 8,000 square foot space in Revere where kids enjoy active play and personalized learning with the goal of creating healthy lifestyle choices.\" \/>\n<meta property=\"og:url\" content=\"https:\/\/fkoafterschool.org\/pt_br\/programs\/youth-in-motion\/\" \/>\n<meta property=\"og:site_name\" content=\"For Kids Only Afterschool\" \/>\n<meta property=\"article:modified_time\" content=\"2021-10-12T13:19:16+00:00\" \/>\n<meta property=\"og:image\" content=\"https:\/\/fkoafterschool.org\/wp-content\/uploads\/2019\/06\/image12-2.jpg\" \/>\n\t<meta property=\"og:image:width\" content=\"784\" \/>\n\t<meta property=\"og:image:height\" content=\"784\" \/>\n\t<meta property=\"og:image:type\" content=\"image\/jpeg\" \/>\n<meta name=\"twitter:card\" content=\"summary_large_image\" \/>\n<script type=\"application\/ld+json\" class=\"yoast-schema-graph\">{\"@context\":\"https:\\\/\\\/schema.org\",\"@graph\":[{\"@type\":\"WebPage\",\"@id\":\"https:\\\/\\\/fkoafterschool.org\\\/programs\\\/youth-in-motion\\\/\",\"url\":\"https:\\\/\\\/fkoafterschool.org\\\/programs\\\/youth-in-motion\\\/\",\"name\":\"Youth In Motion - For Kids Only Afterschool\",\"isPartOf\":{\"@id\":\"https:\\\/\\\/fkoafterschool.org\\\/#website\"},\"primaryImageOfPage\":{\"@id\":\"https:\\\/\\\/fkoafterschool.org\\\/programs\\\/youth-in-motion\\\/#primaryimage\"},\"image\":{\"@id\":\"https:\\\/\\\/fkoafterschool.org\\\/programs\\\/youth-in-motion\\\/#primaryimage\"},\"thumbnailUrl\":\"https:\\\/\\\/i0.wp.com\\\/fkoafterschool.org\\\/wp-content\\\/uploads\\\/2019\\\/06\\\/image12-2.jpg?fit=784%2C784&ssl=1\",\"datePublished\":\"2019-06-11T18:58:07+00:00\",\"dateModified\":\"2021-10-12T13:19:16+00:00\",\"breadcrumb\":{\"@id\":\"https:\\\/\\\/fkoafterschool.org\\\/programs\\\/youth-in-motion\\\/#breadcrumb\"},\"inLanguage\":\"pt-BR\",\"potentialAction\":[{\"@type\":\"ReadAction\",\"target\":[\"https:\\\/\\\/fkoafterschool.org\\\/programs\\\/youth-in-motion\\\/\"]}]},{\"@type\":\"ImageObject\",\"inLanguage\":\"pt-BR\",\"@id\":\"https:\\\/\\\/fkoafterschool.org\\\/programs\\\/youth-in-motion\\\/#primaryimage\",\"url\":\"https:\\\/\\\/i0.wp.com\\\/fkoafterschool.org\\\/wp-content\\\/uploads\\\/2019\\\/06\\\/image12-2.jpg?fit=784%2C784&ssl=1\",\"contentUrl\":\"https:\\\/\\\/i0.wp.com\\\/fkoafterschool.org\\\/wp-content\\\/uploads\\\/2019\\\/06\\\/image12-2.jpg?fit=784%2C784&ssl=1\",\"width\":784,\"height\":784,\"caption\":\"Youth in Motion Revere MA\"},{\"@type\":\"BreadcrumbList\",\"@id\":\"https:\\\/\\\/fkoafterschool.org\\\/programs\\\/youth-in-motion\\\/#breadcrumb\",\"itemListElement\":[{\"@type\":\"ListItem\",\"position\":1,\"name\":\"Home\",\"item\":\"https:\\\/\\\/fkoafterschool.org\\\/\"},{\"@type\":\"ListItem\",\"position\":2,\"name\":\"Youth In Motion\"}]},{\"@type\":\"WebSite\",\"@id\":\"https:\\\/\\\/fkoafterschool.org\\\/#website\",\"url\":\"https:\\\/\\\/fkoafterschool.org\\\/\",\"name\":\"For Kids Only Afterschool\",\"description\":\"Just another WordPress site\",\"potentialAction\":[{\"@type\":\"SearchAction\",\"target\":{\"@type\":\"EntryPoint\",\"urlTemplate\":\"https:\\\/\\\/fkoafterschool.org\\\/?s={search_term_string}\"},\"query-input\":{\"@type\":\"PropertyValueSpecification\",\"valueRequired\":true,\"valueName\":\"search_term_string\"}}],\"inLanguage\":\"pt-BR\"}]}<\/script>\n<!-- \/ Yoast SEO plugin. -->","yoast_head_json":{"title":"Youth In Motion - For Kids Only Afterschool","robots":{"index":"index","follow":"follow","max-snippet":"max-snippet:-1","max-image-preview":"max-image-preview:large","max-video-preview":"max-video-preview:-1"},"canonical":"https:\/\/fkoafterschool.org\/pt_br\/programs\/youth-in-motion\/","og_locale":"pt_BR","og_type":"article","og_title":"Youth In Motion - For Kids Only Afterschool","og_description":"Youth in Motion is an 8,000 square foot space in Revere where kids enjoy active play and personalized learning with the goal of creating healthy lifestyle choices.","og_url":"https:\/\/fkoafterschool.org\/pt_br\/programs\/youth-in-motion\/","og_site_name":"For Kids Only Afterschool","article_modified_time":"2021-10-12T13:19:16+00:00","og_image":[{"width":784,"height":784,"url":"https:\/\/fkoafterschool.org\/wp-content\/uploads\/2019\/06\/image12-2.jpg","type":"image\/jpeg"}],"twitter_card":"summary_large_image","schema":{"@context":"https:\/\/schema.org","@graph":[{"@type":"WebPage","@id":"https:\/\/fkoafterschool.org\/programs\/youth-in-motion\/","url":"https:\/\/fkoafterschool.org\/programs\/youth-in-motion\/","name":"Youth In Motion - For Kids Only Afterschool","isPartOf":{"@id":"https:\/\/fkoafterschool.org\/#website"},"primaryImageOfPage":{"@id":"https:\/\/fkoafterschool.org\/programs\/youth-in-motion\/#primaryimage"},"image":{"@id":"https:\/\/fkoafterschool.org\/programs\/youth-in-motion\/#primaryimage"},"thumbnailUrl":"https:\/\/i0.wp.com\/fkoafterschool.org\/wp-content\/uploads\/2019\/06\/image12-2.jpg?fit=784%2C784&ssl=1","datePublished":"2019-06-11T18:58:07+00:00","dateModified":"2021-10-12T13:19:16+00:00","breadcrumb":{"@id":"https:\/\/fkoafterschool.org\/programs\/youth-in-motion\/#breadcrumb"},"inLanguage":"pt-BR","potentialAction":[{"@type":"ReadAction","target":["https:\/\/fkoafterschool.org\/programs\/youth-in-motion\/"]}]},{"@type":"ImageObject","inLanguage":"pt-BR","@id":"https:\/\/fkoafterschool.org\/programs\/youth-in-motion\/#primaryimage","url":"https:\/\/i0.wp.com\/fkoafterschool.org\/wp-content\/uploads\/2019\/06\/image12-2.jpg?fit=784%2C784&ssl=1","contentUrl":"https:\/\/i0.wp.com\/fkoafterschool.org\/wp-content\/uploads\/2019\/06\/image12-2.jpg?fit=784%2C784&ssl=1","width":784,"height":784,"caption":"Youth in Motion Revere MA"},{"@type":"BreadcrumbList","@id":"https:\/\/fkoafterschool.org\/programs\/youth-in-motion\/#breadcrumb","itemListElement":[{"@type":"ListItem","position":1,"name":"Home","item":"https:\/\/fkoafterschool.org\/"},{"@type":"ListItem","position":2,"name":"Youth In Motion"}]},{"@type":"WebSite","@id":"https:\/\/fkoafterschool.org\/#website","url":"https:\/\/fkoafterschool.org\/","name":"Somente para Crian\u00e7as Ap\u00f3s a Escola","description":"Just another WordPress site","potentialAction":[{"@type":"SearchAction","target":{"@type":"EntryPoint","urlTemplate":"https:\/\/fkoafterschool.org\/?s={search_term_string}"},"query-input":{"@type":"PropertyValueSpecification","valueRequired":true,"valueName":"search_term_string"}}],"inLanguage":"pt-BR"}]}},"jetpack_sharing_enabled":true,"_links":{"self":[{"href":"https:\/\/fkoafterschool.org\/pt_br\/wp-json\/wp\/v2\/wpx-programs\/437","targetHints":{"allow":["GET"]}}],"collection":[{"href":"https:\/\/fkoafterschool.org\/pt_br\/wp-json\/wp\/v2\/wpx-programs"}],"about":[{"href":"https:\/\/fkoafterschool.org\/pt_br\/wp-json\/wp\/v2\/types\/wpx-programs"}],"version-history":[{"count":26,"href":"https:\/\/fkoafterschool.org\/pt_br\/wp-json\/wp\/v2\/wpx-programs\/437\/revisions"}],"predecessor-version":[{"id":5173,"href":"https:\/\/fkoafterschool.org\/pt_br\/wp-json\/wp\/v2\/wpx-programs\/437\/revisions\/5173"}],"wp:featuredmedia":[{"embeddable":true,"href":"https:\/\/fkoafterschool.org\/pt_br\/wp-json\/wp\/v2\/media\/1471"}],"wp:attachment":[{"href":"https:\/\/fkoafterschool.org\/pt_br\/wp-json\/wp\/v2\/media?parent=437"}],"wp:term":[{"taxonomy":"wpx-program-types","embeddable":true,"href":"https:\/\/fkoafterschool.org\/pt_br\/wp-json\/wp\/v2\/wpx-program-types?post=437"}],"curies":[{"name":"wp","href":"https:\/\/api.w.org\/{rel}","templated":true}]}}